{"id":583,"date":"2020-03-18T22:01:02","date_gmt":"2020-03-18T21:01:02","guid":{"rendered":"https:\/\/www.poplineboutique.be\/shop\/?post_type=product&#038;p=583"},"modified":"2026-04-28T11:20:21","modified_gmt":"2026-04-28T09:20:21","slug":"creme-de-jour-peaux-seches-sensibles","status":"publish","type":"product","link":"https:\/\/www.poplineboutique.be\/shop\/produit\/creme-de-jour-peaux-seches-sensibles\/","title":{"rendered":"Cr\u00e8me de jour bio Avril &#8211; Peaux s\u00e8ches &#038; Sensibles"},"content":{"rendered":"<ul>\n<li>Peaux s\u00e8ches et sensibles<\/li>\n<li>A l&rsquo;huile de noyau d&rsquo;abricot bio<\/li>\n<li>Au beurre de karit\u00e9 bio<\/li>\n<li>A l&rsquo;eau florale de camomille romaine<\/li>\n<li>A l&rsquo;extrait de rose de Damas<\/li>\n<li>Certifi\u00e9 bio par Ecocert<\/li>\n<li>Produit VEGAN<\/li>\n<li>Fabriqu\u00e9 en France<\/li>\n<\/ul>\n","protected":false},"excerpt":{"rendered":"<p>A l&rsquo;huile de noyau d&rsquo;abricot et au beurre de karit\u00e9 bio, cette\u00a0<strong>cr\u00e8me de jour certifi\u00e9e bio Avril<\/strong>\u00a0est id\u00e9ale pour les peaux s\u00e8ches et sensibles. L&rsquo;eau florale de camomille et l&rsquo;extrait de rose bio laissent un parfum l\u00e9ger et fleuri.<\/p>\n","protected":false},"featured_media":11819,"template":"","meta":{"_monsterinsights_skip_tracking":false,"_monsterinsights_sitenote_active":false,"_monsterinsights_sitenote_note":"","_monsterinsights_sitenote_category":0},"pwb-brand":[701],"product_brand":[],"product_cat":[362],"product_tag":[],"class_list":{"0":"post-583","1":"product","2":"type-product","3":"status-publish","4":"has-post-thumbnail","6":"pwb-brand-avril","7":"product_cat-visage","9":"first","10":"instock","11":"taxable","12":"shipping-taxable","13":"purchasable","14":"product-type-simple"},"yoast_head":"<!-- This site is optimized with the Yoast SEO plugin v25.6 - https:\/\/yoast.com\/wordpress\/plugins\/seo\/ -->\n<title>Cr\u00e8me de jour bio Avril - Peaux s\u00e8ches &amp; Sensibles - Pop&#039;line<\/title>\n<meta name=\"robots\" content=\"index, follow, max-snippet:-1, max-image-preview:large, max-video-preview:-1\" \/>\n<link rel=\"canonical\" href=\"https:\/\/www.poplineboutique.be\/shop\/produit\/creme-de-jour-peaux-seches-sensibles\/\" \/>\n<meta property=\"og:locale\" content=\"fr_FR\" \/>\n<meta property=\"og:type\" content=\"article\" \/>\n<meta property=\"og:title\" content=\"Cr\u00e8me de jour bio Avril - Peaux s\u00e8ches &amp; Sensibles - Pop&#039;line\" \/>\n<meta property=\"og:description\" content=\"A l&#039;huile de noyau d&#039;abricot et au beurre de karit\u00e9 bio, cette\u00a0cr\u00e8me de jour certifi\u00e9e bio Avril\u00a0est id\u00e9ale pour les peaux s\u00e8ches et sensibles. L&#039;eau florale de camomille et l&#039;extrait de rose bio laissent un parfum l\u00e9ger et fleuri.\" \/>\n<meta property=\"og:url\" content=\"https:\/\/www.poplineboutique.be\/shop\/produit\/creme-de-jour-peaux-seches-sensibles\/\" \/>\n<meta property=\"og:site_name\" content=\"Pop&#039;line\" \/>\n<meta property=\"article:publisher\" content=\"https:\/\/www.facebook.com\/boutiquepopline\/\" \/>\n<meta property=\"article:modified_time\" content=\"2026-04-28T09:20:21+00:00\" \/>\n<meta property=\"og:image\" content=\"https:\/\/www.poplineboutique.be\/shop\/wp-content\/uploads\/2020\/03\/Creme-jour-peau-seche.jpg\" \/>\n\t<meta property=\"og:image:width\" content=\"1000\" \/>\n\t<meta property=\"og:image:height\" content=\"1000\" \/>\n\t<meta property=\"og:image:type\" content=\"image\/jpeg\" \/>\n<meta name=\"twitter:card\" content=\"summary_large_image\" \/>\n<meta name=\"twitter:label1\" content=\"Dur\u00e9e de lecture estim\u00e9e\" \/>\n\t<meta name=\"twitter:data1\" content=\"1 minute\" \/>\n<script type=\"application\/ld+json\" class=\"yoast-schema-graph\">{\"@context\":\"https:\/\/schema.org\",\"@graph\":[{\"@type\":\"WebPage\",\"@id\":\"https:\/\/www.poplineboutique.be\/shop\/produit\/creme-de-jour-peaux-seches-sensibles\/\",\"url\":\"https:\/\/www.poplineboutique.be\/shop\/produit\/creme-de-jour-peaux-seches-sensibles\/\",\"name\":\"Cr\u00e8me de jour bio Avril - Peaux s\u00e8ches & Sensibles - Pop&#039;line\",\"isPartOf\":{\"@id\":\"https:\/\/www.poplineboutique.be\/shop\/#website\"},\"primaryImageOfPage\":{\"@id\":\"https:\/\/www.poplineboutique.be\/shop\/produit\/creme-de-jour-peaux-seches-sensibles\/#primaryimage\"},\"image\":{\"@id\":\"https:\/\/www.poplineboutique.be\/shop\/produit\/creme-de-jour-peaux-seches-sensibles\/#primaryimage\"},\"thumbnailUrl\":\"https:\/\/www.poplineboutique.be\/shop\/wp-content\/uploads\/2020\/03\/Creme-jour-peau-seche.jpg?wsr\",\"datePublished\":\"2020-03-18T21:01:02+00:00\",\"dateModified\":\"2026-04-28T09:20:21+00:00\",\"breadcrumb\":{\"@id\":\"https:\/\/www.poplineboutique.be\/shop\/produit\/creme-de-jour-peaux-seches-sensibles\/#breadcrumb\"},\"inLanguage\":\"fr-FR\",\"potentialAction\":[{\"@type\":\"ReadAction\",\"target\":[\"https:\/\/www.poplineboutique.be\/shop\/produit\/creme-de-jour-peaux-seches-sensibles\/\"]}]},{\"@type\":\"ImageObject\",\"inLanguage\":\"fr-FR\",\"@id\":\"https:\/\/www.poplineboutique.be\/shop\/produit\/creme-de-jour-peaux-seches-sensibles\/#primaryimage\",\"url\":\"https:\/\/www.poplineboutique.be\/shop\/wp-content\/uploads\/2020\/03\/Creme-jour-peau-seche.jpg?wsr\",\"contentUrl\":\"https:\/\/www.poplineboutique.be\/shop\/wp-content\/uploads\/2020\/03\/Creme-jour-peau-seche.jpg?wsr\",\"width\":1000,\"height\":1000},{\"@type\":\"BreadcrumbList\",\"@id\":\"https:\/\/www.poplineboutique.be\/shop\/produit\/creme-de-jour-peaux-seches-sensibles\/#breadcrumb\",\"itemListElement\":[{\"@type\":\"ListItem\",\"position\":1,\"name\":\"Accueil\",\"item\":\"https:\/\/www.poplineboutique.be\/shop\/\"},{\"@type\":\"ListItem\",\"position\":2,\"name\":\"Boutique\",\"item\":\"https:\/\/www.poplineboutique.be\/shop\/boutique\/\"},{\"@type\":\"ListItem\",\"position\":3,\"name\":\"Cr\u00e8me de jour bio Avril &#8211; Peaux s\u00e8ches &#038; Sensibles\"}]},{\"@type\":\"WebSite\",\"@id\":\"https:\/\/www.poplineboutique.be\/shop\/#website\",\"url\":\"https:\/\/www.poplineboutique.be\/shop\/\",\"name\":\"Pop&#039;line\",\"description\":\"Boutique de produits naturels et \u00e9co-responsables\",\"publisher\":{\"@id\":\"https:\/\/www.poplineboutique.be\/shop\/#organization\"},\"potentialAction\":[{\"@type\":\"SearchAction\",\"target\":{\"@type\":\"EntryPoint\",\"urlTemplate\":\"https:\/\/www.poplineboutique.be\/shop\/?s={search_term_string}\"},\"query-input\":{\"@type\":\"PropertyValueSpecification\",\"valueRequired\":true,\"valueName\":\"search_term_string\"}}],\"inLanguage\":\"fr-FR\"},{\"@type\":\"Organization\",\"@id\":\"https:\/\/www.poplineboutique.be\/shop\/#organization\",\"name\":\"POP'LINE\",\"url\":\"https:\/\/www.poplineboutique.be\/shop\/\",\"logo\":{\"@type\":\"ImageObject\",\"inLanguage\":\"fr-FR\",\"@id\":\"https:\/\/www.poplineboutique.be\/shop\/#\/schema\/logo\/image\/\",\"url\":\"https:\/\/www.poplineboutique.be\/shop\/wp-content\/uploads\/2021\/08\/Popline_NaturalShop.png?wsr\",\"contentUrl\":\"https:\/\/www.poplineboutique.be\/shop\/wp-content\/uploads\/2021\/08\/Popline_NaturalShop.png?wsr\",\"width\":1080,\"height\":924,\"caption\":\"POP'LINE\"},\"image\":{\"@id\":\"https:\/\/www.poplineboutique.be\/shop\/#\/schema\/logo\/image\/\"},\"sameAs\":[\"https:\/\/www.facebook.com\/boutiquepopline\/\",\"https:\/\/instagram.com\/boutiquepopline\",\"https:\/\/www.pinterest.com\/boutiquepopline\"]}]}<\/script>\n<!-- \/ Yoast SEO plugin. -->","yoast_head_json":{"title":"Cr\u00e8me de jour bio Avril - Peaux s\u00e8ches & Sensibles - Pop&#039;line","robots":{"index":"index","follow":"follow","max-snippet":"max-snippet:-1","max-image-preview":"max-image-preview:large","max-video-preview":"max-video-preview:-1"},"canonical":"https:\/\/www.poplineboutique.be\/shop\/produit\/creme-de-jour-peaux-seches-sensibles\/","og_locale":"fr_FR","og_type":"article","og_title":"Cr\u00e8me de jour bio Avril - Peaux s\u00e8ches & Sensibles - Pop&#039;line","og_description":"A l'huile de noyau d'abricot et au beurre de karit\u00e9 bio, cette\u00a0cr\u00e8me de jour certifi\u00e9e bio Avril\u00a0est id\u00e9ale pour les peaux s\u00e8ches et sensibles. L'eau florale de camomille et l'extrait de rose bio laissent un parfum l\u00e9ger et fleuri.","og_url":"https:\/\/www.poplineboutique.be\/shop\/produit\/creme-de-jour-peaux-seches-sensibles\/","og_site_name":"Pop&#039;line","article_publisher":"https:\/\/www.facebook.com\/boutiquepopline\/","article_modified_time":"2026-04-28T09:20:21+00:00","og_image":[{"width":1000,"height":1000,"url":"https:\/\/www.poplineboutique.be\/shop\/wp-content\/uploads\/2020\/03\/Creme-jour-peau-seche.jpg","type":"image\/jpeg"}],"twitter_card":"summary_large_image","twitter_misc":{"Dur\u00e9e de lecture estim\u00e9e":"1 minute"},"schema":{"@context":"https:\/\/schema.org","@graph":[{"@type":"WebPage","@id":"https:\/\/www.poplineboutique.be\/shop\/produit\/creme-de-jour-peaux-seches-sensibles\/","url":"https:\/\/www.poplineboutique.be\/shop\/produit\/creme-de-jour-peaux-seches-sensibles\/","name":"Cr\u00e8me de jour bio Avril - Peaux s\u00e8ches & Sensibles - Pop&#039;line","isPartOf":{"@id":"https:\/\/www.poplineboutique.be\/shop\/#website"},"primaryImageOfPage":{"@id":"https:\/\/www.poplineboutique.be\/shop\/produit\/creme-de-jour-peaux-seches-sensibles\/#primaryimage"},"image":{"@id":"https:\/\/www.poplineboutique.be\/shop\/produit\/creme-de-jour-peaux-seches-sensibles\/#primaryimage"},"thumbnailUrl":"https:\/\/www.poplineboutique.be\/shop\/wp-content\/uploads\/2020\/03\/Creme-jour-peau-seche.jpg?wsr","datePublished":"2020-03-18T21:01:02+00:00","dateModified":"2026-04-28T09:20:21+00:00","breadcrumb":{"@id":"https:\/\/www.poplineboutique.be\/shop\/produit\/creme-de-jour-peaux-seches-sensibles\/#breadcrumb"},"inLanguage":"fr-FR","potentialAction":[{"@type":"ReadAction","target":["https:\/\/www.poplineboutique.be\/shop\/produit\/creme-de-jour-peaux-seches-sensibles\/"]}]},{"@type":"ImageObject","inLanguage":"fr-FR","@id":"https:\/\/www.poplineboutique.be\/shop\/produit\/creme-de-jour-peaux-seches-sensibles\/#primaryimage","url":"https:\/\/www.poplineboutique.be\/shop\/wp-content\/uploads\/2020\/03\/Creme-jour-peau-seche.jpg?wsr","contentUrl":"https:\/\/www.poplineboutique.be\/shop\/wp-content\/uploads\/2020\/03\/Creme-jour-peau-seche.jpg?wsr","width":1000,"height":1000},{"@type":"BreadcrumbList","@id":"https:\/\/www.poplineboutique.be\/shop\/produit\/creme-de-jour-peaux-seches-sensibles\/#breadcrumb","itemListElement":[{"@type":"ListItem","position":1,"name":"Accueil","item":"https:\/\/www.poplineboutique.be\/shop\/"},{"@type":"ListItem","position":2,"name":"Boutique","item":"https:\/\/www.poplineboutique.be\/shop\/boutique\/"},{"@type":"ListItem","position":3,"name":"Cr\u00e8me de jour bio Avril &#8211; Peaux s\u00e8ches &#038; Sensibles"}]},{"@type":"WebSite","@id":"https:\/\/www.poplineboutique.be\/shop\/#website","url":"https:\/\/www.poplineboutique.be\/shop\/","name":"Pop&#039;line","description":"Boutique de produits naturels et \u00e9co-responsables","publisher":{"@id":"https:\/\/www.poplineboutique.be\/shop\/#organization"},"potentialAction":[{"@type":"SearchAction","target":{"@type":"EntryPoint","urlTemplate":"https:\/\/www.poplineboutique.be\/shop\/?s={search_term_string}"},"query-input":{"@type":"PropertyValueSpecification","valueRequired":true,"valueName":"search_term_string"}}],"inLanguage":"fr-FR"},{"@type":"Organization","@id":"https:\/\/www.poplineboutique.be\/shop\/#organization","name":"POP'LINE","url":"https:\/\/www.poplineboutique.be\/shop\/","logo":{"@type":"ImageObject","inLanguage":"fr-FR","@id":"https:\/\/www.poplineboutique.be\/shop\/#\/schema\/logo\/image\/","url":"https:\/\/www.poplineboutique.be\/shop\/wp-content\/uploads\/2021\/08\/Popline_NaturalShop.png?wsr","contentUrl":"https:\/\/www.poplineboutique.be\/shop\/wp-content\/uploads\/2021\/08\/Popline_NaturalShop.png?wsr","width":1080,"height":924,"caption":"POP'LINE"},"image":{"@id":"https:\/\/www.poplineboutique.be\/shop\/#\/schema\/logo\/image\/"},"sameAs":["https:\/\/www.facebook.com\/boutiquepopline\/","https:\/\/instagram.com\/boutiquepopline","https:\/\/www.pinterest.com\/boutiquepopline"]}]}},"jetpack_sharing_enabled":true,"brands":[{"id":701,"name":"Avril","slug":"avril"}],"_links":{"self":[{"href":"https:\/\/www.poplineboutique.be\/shop\/wp-json\/wp\/v2\/product\/583"}],"collection":[{"href":"https:\/\/www.poplineboutique.be\/shop\/wp-json\/wp\/v2\/product"}],"about":[{"href":"https:\/\/www.poplineboutique.be\/shop\/wp-json\/wp\/v2\/types\/product"}],"version-history":[{"count":6,"href":"https:\/\/www.poplineboutique.be\/shop\/wp-json\/wp\/v2\/product\/583\/revisions"}],"predecessor-version":[{"id":16395,"href":"https:\/\/www.poplineboutique.be\/shop\/wp-json\/wp\/v2\/product\/583\/revisions\/16395"}],"wp:featuredmedia":[{"embeddable":true,"href":"https:\/\/www.poplineboutique.be\/shop\/wp-json\/wp\/v2\/media\/11819"}],"wp:attachment":[{"href":"https:\/\/www.poplineboutique.be\/shop\/wp-json\/wp\/v2\/media?parent=583"}],"wp:term":[{"taxonomy":"pwb-brand","embeddable":true,"href":"https:\/\/www.poplineboutique.be\/shop\/wp-json\/wp\/v2\/pwb-brand?post=583"},{"taxonomy":"product_brand","embeddable":true,"href":"https:\/\/www.poplineboutique.be\/shop\/wp-json\/wp\/v2\/product_brand?post=583"},{"taxonomy":"product_cat","embeddable":true,"href":"https:\/\/www.poplineboutique.be\/shop\/wp-json\/wp\/v2\/product_cat?post=583"},{"taxonomy":"product_tag","embeddable":true,"href":"https:\/\/www.poplineboutique.be\/shop\/wp-json\/wp\/v2\/product_tag?post=583"}],"curies":[{"name":"wp","href":"https:\/\/api.w.org\/{rel}","templated":true}]}}